{"id":2341,"date":"2025-07-08T14:48:37","date_gmt":"2025-07-08T12:48:37","guid":{"rendered":"https:\/\/www.joursdetheatre.fr\/?page_id=2341"},"modified":"2026-04-21T16:51:52","modified_gmt":"2026-04-21T14:51:52","slug":"plan-accessibilite","status":"publish","type":"page","link":"https:\/\/www.joursdetheatre.fr\/index.php\/plan-accessibilite\/","title":{"rendered":"Plan et accessibilit\u00e9"},"content":{"rendered":"\t\t<div data-elementor-type=\"wp-page\" data-elementor-id=\"2341\" class=\"elementor elementor-2341\">\n\t\t\t\t\t\t<section class=\"elementor-section elementor-top-section elementor-element elementor-element-a23b1a2 elementor-section-boxed elementor-section-height-default elementor-section-height-default\" data-id=\"a23b1a2\" data-element_type=\"section\" data-e-type=\"section\">\n\t\t\t\t\t\t<div class=\"elementor-container elementor-column-gap-default\">\n\t\t\t\t\t<div class=\"elementor-column elementor-col-100 elementor-top-column elementor-element elementor-element-b95a45e\" data-id=\"b95a45e\" data-element_type=\"column\" data-e-type=\"column\">\n\t\t\t<div class=\"elementor-widget-wrap elementor-element-populated\">\n\t\t\t\t\t\t<div class=\"elementor-element elementor-element-fa83edb elementor-widget elementor-widget-toggle\" data-id=\"fa83edb\" data-element_type=\"widget\" data-e-type=\"widget\" data-widget_type=\"toggle.default\">\n\t\t\t\t<div class=\"elementor-widget-container\">\n\t\t\t\t\t\t\t<div class=\"elementor-toggle\">\n\t\t\t\t\t\t\t<div class=\"elementor-toggle-item\">\n\t\t\t\t\t<div id=\"elementor-tab-title-2621\" class=\"elementor-tab-title\" data-tab=\"1\" role=\"button\" aria-controls=\"elementor-tab-content-2621\" aria-expanded=\"false\">\n\t\t\t\t\t\t\t\t\t\t\t\t<span class=\"elementor-toggle-icon elementor-toggle-icon-left\" aria-hidden=\"true\">\n\t\t\t\t\t\t\t\t\t\t\t\t\t\t\t<span class=\"elementor-toggle-icon-closed\"><i class=\"fas fa-angle-double-down\"><\/i><\/span>\n\t\t\t\t\t\t\t\t<span class=\"elementor-toggle-icon-opened\"><i class=\"elementor-toggle-icon-opened fas fa-angle-double-up\"><\/i><\/span>\n\t\t\t\t\t\t\t\t\t\t\t\t\t<\/span>\n\t\t\t\t\t\t\t\t\t\t\t\t<a class=\"elementor-toggle-title\" tabindex=\"0\">Venir \u00e0 Estagel<\/a>\n\t\t\t\t\t<\/div>\n\n\t\t\t\t\t<div id=\"elementor-tab-content-2621\" class=\"elementor-tab-content elementor-clearfix\" data-tab=\"1\" role=\"region\" aria-labelledby=\"elementor-tab-title-2621\"><p><b>Estagel<\/b> est une commune de plus de 2 000 habitant\u00b7es situ\u00e9e dans le d\u00e9partement des <span><b>Pyr\u00e9n\u00e9es-Orientales<\/b><\/span>, en r\u00e9gion <span>Occitanie<\/span>, dans le sud de la <span>France<\/span>.<\/p>\n<p>Un complot mondial d\u00e9signe Perpignan comme \u00e9tant le centre du monde, mais le nombril de la Terre se trouve en r\u00e9alit\u00e9 \u00e0 25km de \u00ab\u00a0La Catalane\u00a0\u00bb. Il s&rsquo;appelle <b>Estagel<\/b>.<\/p>\n<p><br><\/p>\n<p>Nous vous d\u00e9conseillons de venir \u00e0 Estagel en h\u00e9licopt\u00e8re parce que nous avons qu&rsquo;un seul h\u00e9liport occup\u00e9 par notre r\u00e9gisseuse Laura, et puis ce n&rsquo;est pas \u00e9cologique.&nbsp;<\/p>\n<p><b>Nous vous conseillons de nous rendre visite par les moyens suivants :<\/b><\/p>\n<p>\u2794 <b>En transports en commun <\/b>:&nbsp;<span style=\"color: rgb(0, 0, 0);\">Depuis Perpignan, des <\/span><strong data-start=\"1292\" data-end=\"1335\" style=\"color: rgb(0, 0, 0);\">lignes de bus r\u00e9gionales \/ Sank\u00e9o \u2013 liO<\/strong><span style=\"color: rgb(0, 0, 0);\"> permettent de rejoindre Estagel.<\/span><\/p>\n<p><span style=\"color: rgb(0, 0, 0);\">Nous publierons les horaires d&rsquo;\u00e9t\u00e9 lorsque ceux-ci seront disponibles !<\/span><\/p>\n<p>\u2794 <b>En train<\/b> :&nbsp;<span style=\"color: rgb(0, 0, 0);\">La solution la plus simple est d\u2019arriver \u00e0 <\/span><strong data-start=\"804\" data-end=\"838\" style=\"color: rgb(0, 0, 0);\">Perpignan en train (gare SNCF)<\/strong><span style=\"color: rgb(0, 0, 0);\">, desservie par les lignes TGV et TER depuis les grandes villes.<\/span><\/p>\n<p><span style=\"color: rgb(0, 0, 0);\">Arriv\u00e9\u00b7e \u00e0 Perpignan, vous pourrez rejoindre notre m\u00e9tropole en bus, en voiture, taxi ou en covoiturage!<\/span><\/p>\n<p>\u2794 <b>En voiture<\/b> : Nous vous incitons tout d&rsquo;abord \u00e0 <b>covoiturer <\/b>!<\/p>\n<blockquote><strong data-start=\"270\" data-end=\"290\" style=\"color: rgb(0, 0, 0);\"><i>Depuis Perpignan<\/i><\/strong><span style=\"color: rgb(0, 0, 0);\"> : environ <\/span><strong data-start=\"301\" data-end=\"315\" style=\"color: rgb(0, 0, 0);\">25 minutes<\/strong><span style=\"color: rgb(0, 0, 0);\"> par la <\/span><strong data-start=\"323\" data-end=\"373\" style=\"color: rgb(0, 0, 0);\">D117 direction Foix \/ Saint-Paul-de-Fenouillet<\/strong><span style=\"color: rgb(0, 0, 0);\">. Le trajet se fait via Espira-de-l\u2019Agly et Cases-de-P\u00e8ne.<br><\/span><blockquote><strong data-start=\"474\" data-end=\"493\" style=\"color: rgb(0, 0, 0);\"><i>Depuis Narbonne<\/i><\/strong><span style=\"color: rgb(0, 0, 0);\"> : compter environ <\/span><strong data-start=\"512\" data-end=\"531\" style=\"color: rgb(0, 0, 0);\">50 \u00e0 60 minutes<\/strong><span style=\"color: rgb(0, 0, 0);\"> en empruntant l\u2019<\/span><strong data-start=\"548\" data-end=\"554\" style=\"color: rgb(0, 0, 0);\">A9<\/strong><span style=\"color: rgb(0, 0, 0);\">, sortie <\/span><strong data-start=\"563\" data-end=\"594\" style=\"color: rgb(0, 0, 0);\">Perpignan Nord \/ Rivesaltes<\/strong><span style=\"color: rgb(0, 0, 0);\">, puis la <\/span><strong data-start=\"604\" data-end=\"630\" style=\"color: rgb(0, 0, 0);\">D117 direction Estagel <\/strong><span data-start=\"604\" data-end=\"630\" style=\"color: rgb(0, 0, 0);\">(<i>attention au vent<\/i>).<\/span><\/blockquote><\/blockquote>\n\n<blockquote><strong data-start=\"674\" data-end=\"707\" style=\"color: rgb(0, 0, 0);\"><i>Depuis Carcassonne \/ Toulouse<\/i><\/strong><span style=\"color: rgb(0, 0, 0);\"> : rejoindre la vall\u00e9e des Fenouill\u00e8des par la <\/span><strong data-start=\"754\" data-end=\"762\" style=\"color: rgb(0, 0, 0);\">D117<\/strong><span style=\"color: rgb(0, 0, 0);\"> via Quillan, Axat et Saint-Paul-de-Fenouillet (<i>n&rsquo;h\u00e9sitez pas \u00e0 nous ramener du Cassoulet<\/i>).<\/span><\/blockquote>\n<p><br><\/p><\/div>\n\t\t\t\t<\/div>\n\t\t\t\t\t\t\t<div class=\"elementor-toggle-item\">\n\t\t\t\t\t<div id=\"elementor-tab-title-2622\" class=\"elementor-tab-title\" data-tab=\"2\" role=\"button\" aria-controls=\"elementor-tab-content-2622\" aria-expanded=\"false\">\n\t\t\t\t\t\t\t\t\t\t\t\t<span class=\"elementor-toggle-icon elementor-toggle-icon-left\" aria-hidden=\"true\">\n\t\t\t\t\t\t\t\t\t\t\t\t\t\t\t<span class=\"elementor-toggle-icon-closed\"><i class=\"fas fa-angle-double-down\"><\/i><\/span>\n\t\t\t\t\t\t\t\t<span class=\"elementor-toggle-icon-opened\"><i class=\"elementor-toggle-icon-opened fas fa-angle-double-up\"><\/i><\/span>\n\t\t\t\t\t\t\t\t\t\t\t\t\t<\/span>\n\t\t\t\t\t\t\t\t\t\t\t\t<a class=\"elementor-toggle-title\" tabindex=\"0\">Plan du Festival<\/a>\n\t\t\t\t\t<\/div>\n\n\t\t\t\t\t<div id=\"elementor-tab-content-2622\" class=\"elementor-tab-content elementor-clearfix\" data-tab=\"2\" role=\"region\" aria-labelledby=\"elementor-tab-title-2622\"><\/div>\n\t\t\t\t<\/div>\n\t\t\t\t\t\t\t\t<\/div>\n\t\t\t\t\t\t<\/div>\n\t\t\t\t<\/div>\n\t\t\t\t\t<\/div>\n\t\t<\/div>\n\t\t\t\t\t<\/div>\n\t\t<\/section>\n\t\t\t\t<section class=\"elementor-section elementor-top-section elementor-element elementor-element-e85bed8 elementor-section-boxed elementor-section-height-default elementor-section-height-default\" data-id=\"e85bed8\" data-element_type=\"section\" data-e-type=\"section\">\n\t\t\t\t\t\t<div class=\"elementor-container elementor-column-gap-default\">\n\t\t\t\t\t<div class=\"elementor-column elementor-col-100 elementor-top-column elementor-element elementor-element-542e6f0\" data-id=\"542e6f0\" data-element_type=\"column\" data-e-type=\"column\">\n\t\t\t<div class=\"elementor-widget-wrap elementor-element-populated\">\n\t\t\t\t\t\t<div class=\"elementor-element elementor-element-5b4c44a elementor-widget elementor-widget-google_maps\" data-id=\"5b4c44a\" data-element_type=\"widget\" data-e-type=\"widget\" data-widget_type=\"google_maps.default\">\n\t\t\t\t<div class=\"elementor-widget-container\">\n\t\t\t\t\t\t\t<div class=\"elementor-custom-embed\">\n\t\t\t<iframe loading=\"lazy\"\n\t\t\t\t\tsrc=\"https:\/\/maps.google.com\/maps?q=Estagel&#038;t=m&#038;z=10&#038;output=embed&#038;iwloc=near\"\n\t\t\t\t\ttitle=\"Estagel\"\n\t\t\t\t\taria-label=\"Estagel\"\n\t\t\t><\/iframe>\n\t\t<\/div>\n\t\t\t\t\t\t<\/div>\n\t\t\t\t<\/div>\n\t\t\t\t\t<\/div>\n\t\t<\/div>\n\t\t\t\t\t<\/div>\n\t\t<\/section>\n\t\t\t\t<\/div>\n\t\t","protected":false},"excerpt":{"rendered":"<p>Venir \u00e0 Estagel Estagel est une commune de plus de 2 000 habitant\u00b7es situ\u00e9e dans le d\u00e9partement des Pyr\u00e9n\u00e9es-Orientales, en r\u00e9gion Occitanie, dans le sud de la France. Un complot [&hellip;]<\/p>\n","protected":false},"author":1,"featured_media":0,"parent":0,"menu_order":0,"comment_status":"closed","ping_status":"closed","template":"","meta":{"saved_in_kubio":false,"footnotes":""},"class_list":["post-2341","page","type-page","status-publish","hentry"],"kubio_ai_page_context":{"short_desc":"","purpose":"general"},"featured_media_urls":[],"_links":{"self":[{"href":"https:\/\/www.joursdetheatre.fr\/index.php\/wp-json\/wp\/v2\/pages\/2341","targetHints":{"allow":["GET"]}}],"collection":[{"href":"https:\/\/www.joursdetheatre.fr\/index.php\/wp-json\/wp\/v2\/pages"}],"about":[{"href":"https:\/\/www.joursdetheatre.fr\/index.php\/wp-json\/wp\/v2\/types\/page"}],"author":[{"embeddable":true,"href":"https:\/\/www.joursdetheatre.fr\/index.php\/wp-json\/wp\/v2\/users\/1"}],"replies":[{"embeddable":true,"href":"https:\/\/www.joursdetheatre.fr\/index.php\/wp-json\/wp\/v2\/comments?post=2341"}],"version-history":[{"count":53,"href":"https:\/\/www.joursdetheatre.fr\/index.php\/wp-json\/wp\/v2\/pages\/2341\/revisions"}],"predecessor-version":[{"id":2722,"href":"https:\/\/www.joursdetheatre.fr\/index.php\/wp-json\/wp\/v2\/pages\/2341\/revisions\/2722"}],"wp:attachment":[{"href":"https:\/\/www.joursdetheatre.fr\/index.php\/wp-json\/wp\/v2\/media?parent=2341"}],"curies":[{"name":"wp","href":"https:\/\/api.w.org\/{rel}","templated":true}]}}